{"id":8044,"date":"2022-08-15T21:03:44","date_gmt":"2022-08-15T21:03:44","guid":{"rendered":"https:\/\/www.augenaerzte-zollikofen.ch\/augenarzt\/?post_type=useful-information&#038;p=8044"},"modified":"2022-09-01T21:28:08","modified_gmt":"2022-09-01T21:28:08","slug":"geroetete-augen","status":"publish","type":"useful-information","link":"https:\/\/www.augenaerzte-zollikofen.ch\/augenarzt\/geroetete-augen\/","title":{"rendered":"Ger\u00f6tete Augen"},"content":{"rendered":"<div itemscope itemtype=\"http:\/\/schema.org\/Article\" class=\"header-small-block container1200 mb120 mt120\"><div class=\"container\" > <div class=\"content\" > <div class=\"header-small-block-wrap\" > <div class=\"header-small-block__content\" > <h1 itemprop=\"name\" class=\"header-small-block__name semiBold h3\" > <span class=\"header-small-block__title h3\" > <\/span><br>Ger\u00f6tete Augen<\/h1 > <p class=\"header-small-block__subtitle mt16\" > <\/p > <\/div > <div class=\"header-small-block__image\" > <img loading=\"lazy\" decoding=\"async\" width=\"640\" height=\"376\" src=\"https:\/\/www.augenaerzte-zollikofen.ch\/augenarzt\/app\/uploads\/2022\/08\/geroetete-augen-augenaerzte-aarau-1.jpg\" class=\"img__small__header\" alt=\"\" srcset=\"https:\/\/www.augenaerzte-zollikofen.ch\/augenarzt\/app\/uploads\/2022\/08\/geroetete-augen-augenaerzte-aarau-1.jpg 640w, https:\/\/www.augenaerzte-zollikofen.ch\/augenarzt\/app\/uploads\/2022\/08\/geroetete-augen-augenaerzte-aarau-1-300x176.jpg 300w\" sizes=\"auto, (max-width: 640px) 100vw, 640px\" \/><\/div > <\/div > <\/div > <\/div > <\/div > \n\n<div class=\"title-content-block container1364 mb120 mt48\"><div class=\"container\"><div class=\"content\"><div class=\"mt24 mb24 max830 preloaded__content fade\"><h2>Wie entsteht eine R\u00f6tung der Augen?<\/h2>\n<\/div><div class=\"mt24 mb24 max830 preloaded__content fade\"><p>R\u00f6tungen geh\u00f6ren zu den h\u00e4ufigsten Symptomen im Zusammenhang mit den Augen. Sie k\u00f6nnen ein- oder beidseitig auftreten und je nach Situation und Ursache von verschiedenen anderen Symptomen begleitet werden. Ger\u00f6tete Augen geh\u00f6ren deshalb zu den typischen Indikatoren f\u00fcr die Gesundheit des Auges und dienen als Hinweis auf kleinere oder gr\u00f6ssere St\u00f6rungen.<\/p>\n<\/div><div class=\"mt24 mb24 max830 preloaded__content fade\"><p>Eine solche R\u00f6tung kann auf verschiedene Art und Weise zustande kommen und entsprechend unterschiedlich stark ausgepr\u00e4gt oder zeitlich begrenzt sein. H\u00e4ufige Ursachen f\u00fcr ger\u00f6tete Augen sind:<\/p>\n<\/div><div class=\"mt24 mb24 max830\"><ul><li class=\"mb24\">Allergische Reaktion<p>Menschen, die unter Allergien leiden \u2013 besonders jene, die vom Heuschnupfen geplagt werden \u2013 kennen ger\u00f6tete Augen als Symptom dieser Problematik nur zu gut. R\u00f6tungen deuten immer auf eine gesteigerte Durchblutung hin und sind in diesem Fall ein Entz\u00fcndungszeichen. Oft wird diese begleitet von Juckreiz und tr\u00e4nenden Augen.<\/p><\/li><li class=\"mb24\">Blutungen (Hyposphagma)<p>ls Hyposphagma bezeichnet man ungef\u00e4hrliche, scharf begrenzte, meist kleinere Blutungen aus Gef\u00e4ssen, die die Konjunktiva versorgen. Diese Blutungen sammeln sich dann in der Folge unter der Bindehaut \u2013 was als R\u00f6tung zu erkennen ist. Umgangssprachlich spricht man auch von einem \u201egeplatzten \u00c4derchen\u201c. In der Regel ist ein Hyposphagma harmlos und heilt innert ein bis zwei Wochen von selbst wieder ab. Je nach Auspr\u00e4gung und betroffener Fl\u00e4che kann es jedoch dramatisch wirken. Einer Abkl\u00e4rung bedarf eine solche kleinere Blutung nur dann, wenn diese zeitlich geh\u00e4uft auftritt. Dies k\u00f6nnte beispielsweise im Zusammenhang mit der Einnahme von Blutverd\u00fcnnern bei erh\u00f6htem Blutdruck der Fall sein.<\/p><\/li><li class=\"mb24\">Bindehautentz\u00fcndungen<p>Entz\u00fcndungen der Bindehaut als Folge eines Infekts, machen sich ebenfalls durch ger\u00f6tete Augen bemerkbar. Handelt es sich dabei um einen bakteriellen Infekt, sollte so rasch wie m\u00f6glich eine Behandlung mit Antibiotika begonnen werden. Dies auch um zu verhindern, dass sich der Infekt ausbreitet und schwerwiegendere Sch\u00e4den anrichtet.<\/p><\/li><li class=\"mb24\">Gr\u00fcner Star (Glaukom)<p>Ein akuter Glaukom-Anfall kann unter Umst\u00e4nden ebenfalls zu einer R\u00f6tung der Augen f\u00fchren. Begleitet wird dies in der Regel durch sehr starke Kopfschmerzen, Augenschmerzen und \u00dcbelkeit bis hin zu Erbrechen. Es handelt sich hierbei um einen augen\u00e4rztlichen Notfall, bei dem umgehend ein Spezialist aufgesucht werden muss. Jegliches Abwarten beeinflusst den weiteren Verlauf sehr ung\u00fcnstig.<\/p><\/li><li class=\"mb24\">Reizungen durch Umwelteinfl\u00fcsse<p>Staub, Abgase oder auch Tabakrauch k\u00f6nnen die Augen so sehr reizen, dass eine R\u00f6tung auftritt. Diese ist zwar meist harmlos und heilt bei guter Allgemeingesundheit des Auges dann von alleine wieder ab, kann aber sehr unangenehm sein f\u00fcr den Betroffenen.<\/p><\/li><li class=\"mb24\">Kosmetika oder Fremdk\u00f6rper<p>Manche Cremes oder Lotionen beinhalten Inhaltsstoffe, die entweder gem\u00e4ss ihrer Natur oder je nach Person zu einer Reizung f\u00fchren k\u00f6nnen, wenn sie in Kontakt mit dem empfindlichen Sehorgan kommen. Verursachen Kosmetika unangenehme Symptome wie Juckreiz, Brennen, ger\u00f6tete Augen oder \u00e4hnliches, sp\u00fclen Sie die Augen erst einmal gr\u00fcndlich unter sauberem, fliessendem Wasser aus. Sollten die Symptome anhalten, konsultieren Sie ihren Augenarzt. Sollte es ausserdem nicht gelingen einen Fremdk\u00f6rper nach dem gleichen Prinzip auszusp\u00fclen, versuchen Sie nicht diesen selbst zu entfernen \u2013 dies k\u00f6nnte unter Umst\u00e4nden mehr Schaden anrichten als Erleichterung verschaffen. Auch hier kann Ihnen ihr Augenarzt helfen.<\/p><\/li><li class=\"mb24\">Kontaktlinsen<p>Die korrekte Handhabung von Kontaktlinsen ist nicht nur f\u00fcr eine optimale Nutzung und Verbesserung der Sehf\u00e4higkeit unerl\u00e4sslich, sondern auch um Irritationen und Sch\u00e4digungen des Auges zu vermeiden. Das Augengewebe ist sehr empfindlich und delikat, weswegen eine unvorsichtige Behandlung schnell zu merklichen Folgen f\u00fchrt. Lassen Sie sich diesbez\u00fcglich am besten von einem Augenarzt oder Optiker \u00fcber die richtige Verwendung instruieren.<\/p><\/li><li class=\"mb24\">Zu wenig Schlaf<p>Schlafmangel als eine der h\u00e4ufigsten Ursachen f\u00fcr ger\u00f6tete Augen ist in vielerlei Hinsicht unangenehm. Gleichzeitig ist es aber auch eine der am einfachsten zu behandelnden Ursachen: G\u00f6nnen Sie sich eine gute M\u00fctze Schlaf und die R\u00f6tung verschwindet meist wieder von selbst.<\/p><\/li><\/ul><\/div><div class=\"mt24 mb24 max830 preloaded__content fade\"><p>Diese Aufz\u00e4hlung beinhaltet nur einige der h\u00e4ufigsten Ursachen, die zu einer Abkl\u00e4rung von ger\u00f6teten Augen f\u00fchren. Daneben gibt es noch eine ganze Reihe weiterer Faktoren und Augenerkrankungen, die ger\u00f6tete Augen ebenfalls zu ihren Symptomen z\u00e4hlen.<\/p>\n<\/div><div class=\"mt24 mb24 max830 preloaded__content fade\"><h2>Ger\u00f6tete Augen als Warnhinweis?<\/h2>\n<\/div><div class=\"mt24 mb24 max830 preloaded__content fade\"><p>Wie oben bereits erw\u00e4hnt k\u00f6nnen ger\u00f6tete Augen durch verschiedene Faktoren verursacht werden. Entsprechend schwierig oder unm\u00f6glich ist eine pauschale Beantwortung der Frage, ob ger\u00f6tete Augen ein Grund zur Sorge sind. In den meisten F\u00e4llen klingt eine R\u00f6tung von selbst wieder ab \u2013 vor allem wenn der sie verursachende Faktor oder Grund beseitigt werden und das Auge sich wieder erholen kann (Umwelteinfl\u00fcsse, Kosmetika, Schlafmangel, Kontaktlinsen, etc.). In selteneren \u2013 aber durchaus vorkommenden \u2013 F\u00e4llen, k\u00f6nnen ger\u00f6tete Augen aber auch ein Warnhinweis auf eine bakterielle Infektion oder eine grundlegendere Erkrankung sein.<\/p>\n<\/div><div class=\"mt24 mb24 max830 preloaded__content fade\"><p>Sollte die R\u00f6tung sehr pl\u00f6tzlich und stark auftreten und mit Schmerzen oder anderen Beschwerden verbunden sein, sollten Sie m\u00f6glichst rasch einen Augenarzt aufsuchen. Die Augen\u00e4rzte der Augentagesklinik Zollikofen stehen Ihnen dabei gerne beratend und unterst\u00fctzend zur Seite. Das Gleiche gilt bei R\u00f6tungen, die nach ein paar Tagen unver\u00e4ndert fortbestehen.<\/p>\n<\/div><\/div><\/div><\/div>\n\n<div class=\"related-post-block mb120 mt120\"><div class=\"container\"><div class=\"content\"><div class=\"related-post-block-wrap\"><div class=\"related-post-block__title mb120 max1050\"><h3>Das k\u00f6nnte Sie auch noch interessieren<\/h3><\/div><div class=\"related-post-block__list\"><div class=\"card-element useful-information-card \"><a href=\"https:\/\/www.augenaerzte-zollikofen.ch\/augenarzt\/bildschirmarbeit-so-schonen-sie-ihre-augen\/\" class=\"wrapper-link\"><div class=\"card-element-wrap useful-information-card-wrap\"><div class=\"card-element-wrap__image useful-information-card-wrap__image\"><img loading=\"lazy\" decoding=\"async\" width=\"730\" height=\"410\" src=\"https:\/\/www.augenaerzte-zollikofen.ch\/augenarzt\/app\/uploads\/2026\/04\/frau-muede-augen-bildschirm.webp\" class=\"img__card-element wp-post-image\" alt=\"\" srcset=\"https:\/\/www.augenaerzte-zollikofen.ch\/augenarzt\/app\/uploads\/2026\/04\/frau-muede-augen-bildschirm.webp 730w, https:\/\/www.augenaerzte-zollikofen.ch\/augenarzt\/app\/uploads\/2026\/04\/frau-muede-augen-bildschirm-300x168.webp 300w\" sizes=\"auto, (max-width: 730px) 100vw, 730px\" \/><\/div><div class=\"card-element-wrap__content useful-information-card-wrap__content\"><div class=\"card-element-wrap__inner useful-information-card-wrap__inner\"><h5 class=\"card-element-wrap__content-title useful-information-card-wrap__content-title semiBold\">Bildschirmarbeit: So schonen Sie Ihre Augen<\/h5><p class=\"useful-information-card-wrap__content-excerpt mt8\">In diesem Artikel erfahren Sie, wie Sie Beschwerden im Zusammenhang mit ihren Augen und der Bildschirmarbeit vorbeugen k\u00f6nnen. <\/p><div class=\"button-wrap mt16\"><span class=\"button fill icon arrow\">Zum Artikel<\/span><\/div><\/div><\/div><\/div><\/a><\/div><div class=\"card-element useful-information-card \"><a href=\"https:\/\/www.augenaerzte-zollikofen.ch\/augenarzt\/lidrandhygiene\/\" class=\"wrapper-link\"><div class=\"card-element-wrap useful-information-card-wrap\"><div class=\"card-element-wrap__image useful-information-card-wrap__image\"><img loading=\"lazy\" decoding=\"async\" width=\"730\" height=\"410\" src=\"https:\/\/www.augenaerzte-zollikofen.ch\/augenarzt\/app\/uploads\/2026\/02\/nah_auge.jpg\" class=\"img__card-element wp-post-image\" alt=\"\" srcset=\"https:\/\/www.augenaerzte-zollikofen.ch\/augenarzt\/app\/uploads\/2026\/02\/nah_auge.jpg 730w, https:\/\/www.augenaerzte-zollikofen.ch\/augenarzt\/app\/uploads\/2026\/02\/nah_auge-300x168.jpg 300w\" sizes=\"auto, (max-width: 730px) 100vw, 730px\" \/><\/div><div class=\"card-element-wrap__content useful-information-card-wrap__content\"><div class=\"card-element-wrap__inner useful-information-card-wrap__inner\"><h5 class=\"card-element-wrap__content-title useful-information-card-wrap__content-title semiBold\">Unbeschwerte Lider durch Lidrandhygiene<\/h5><p class=\"useful-information-card-wrap__content-excerpt mt8\">Bei der Lidrandpflege werden mit W\u00e4rme, Massage der Augenlider und der anschliessenden Reinigung verstopfte Lidranddr\u00fcsen gereinigt.<\/p><div class=\"button-wrap mt16\"><span class=\"button fill icon arrow\">Zum Artikel<\/span><\/div><\/div><\/div><\/div><\/a><\/div><div class=\"card-element useful-information-card \"><a href=\"https:\/\/www.augenaerzte-zollikofen.ch\/augenarzt\/useful-information\/heuschnupfen-was-hilft-wenn-die-augen-unter-pollen-leiden\/\" class=\"wrapper-link\"><div class=\"card-element-wrap useful-information-card-wrap\"><div class=\"card-element-wrap__image useful-information-card-wrap__image\"><img loading=\"lazy\" decoding=\"async\" width=\"730\" height=\"410\" src=\"https:\/\/www.augenaerzte-zollikofen.ch\/augenarzt\/app\/uploads\/2026\/02\/Heuschnupfen_2026-\u2013-730x410-1.jpeg\" class=\"img__card-element wp-post-image\" alt=\"\" srcset=\"https:\/\/www.augenaerzte-zollikofen.ch\/augenarzt\/app\/uploads\/2026\/02\/Heuschnupfen_2026-\u2013-730x410-1.jpeg 730w, https:\/\/www.augenaerzte-zollikofen.ch\/augenarzt\/app\/uploads\/2026\/02\/Heuschnupfen_2026-\u2013-730x410-1-300x168.jpeg 300w\" sizes=\"auto, (max-width: 730px) 100vw, 730px\" \/><\/div><div class=\"card-element-wrap__content useful-information-card-wrap__content\"><div class=\"card-element-wrap__inner useful-information-card-wrap__inner\"><h5 class=\"card-element-wrap__content-title useful-information-card-wrap__content-title semiBold\">Heuschnupfen: Was hilft, wenn die Augen unter Pollen leiden<\/h5><p class=\"useful-information-card-wrap__content-excerpt mt8\">In diesem Artikel erfahren Sie, wie Sie Ihre Augen im Fr\u00fchling vor Allergien sch\u00fctzen k\u00f6nnen.<\/p><div class=\"button-wrap mt16\"><span class=\"button fill icon arrow\">Zum Artikel<\/span><\/div><\/div><\/div><\/div><\/a><\/div><\/div><\/div><\/div><\/div><\/div>","protected":false},"featured_media":6918,"menu_order":0,"template":"","category_useful_information":[55],"class_list":["post-8044","useful-information","type-useful-information","status-publish","has-post-thumbnail","hentry","category_useful_information-augen-notfaelle"],"acf":{"sidebar_excerpt":"R\u00f6tungen geh\u00f6ren zu den h\u00e4ufigsten Symptomen im Zusammenhang mit den Augen. Sie k\u00f6nnen ein- oder beidseitig auftreten und je nach Situation und Ursache von verschiedenen anderen Symptomen begleitet werden. Ger\u00f6tete Augen geh\u00f6ren deshalb zu den typischen Indikatoren f\u00fcr die Gesundheit des Auges und dienen als Hinweis auf kleinere oder gr\u00f6ssere St\u00f6rungen."},"yoast_head":"<!-- This site is optimized with the Yoast SEO plugin v26.2 - https:\/\/yoast.com\/wordpress\/plugins\/seo\/ -->\n<title>Ger\u00f6tete Augen - Augen\u00e4rzte Zollikofen<\/title>\n<meta name=\"robots\" content=\"index, follow, max-snippet:-1, max-image-preview:large, max-video-preview:-1\" \/>\n<link rel=\"canonical\" href=\"https:\/\/www.augenaerzte-zollikofen.ch\/augenarzt\/geroetete-augen\/\" \/>\n<meta property=\"og:locale\" content=\"de_DE\" \/>\n<meta property=\"og:type\" content=\"article\" \/>\n<meta property=\"og:title\" content=\"Ger\u00f6tete Augen - Augen\u00e4rzte Zollikofen\" \/>\n<meta property=\"og:url\" content=\"https:\/\/www.augenaerzte-zollikofen.ch\/augenarzt\/geroetete-augen\/\" \/>\n<meta property=\"og:site_name\" content=\"Augen\u00e4rzte Zollikofen\" \/>\n<meta property=\"article:modified_time\" content=\"2022-09-01T21:28:08+00:00\" \/>\n<meta property=\"og:image\" content=\"https:\/\/www.augenaerzte-zollikofen.ch\/augenarzt\/app\/uploads\/2022\/08\/geroetete-augen-augenaerzte-aarau-1.jpg\" \/>\n\t<meta property=\"og:image:width\" content=\"640\" \/>\n\t<meta property=\"og:image:height\" content=\"376\" \/>\n\t<meta property=\"og:image:type\" content=\"image\/jpeg\" \/>\n<meta name=\"twitter:card\" content=\"summary_large_image\" \/>\n<script type=\"application\/ld+json\" class=\"yoast-schema-graph\">{\"@context\":\"https:\/\/schema.org\",\"@graph\":[{\"@type\":\"WebPage\",\"@id\":\"https:\/\/www.augenaerzte-zollikofen.ch\/augenarzt\/geroetete-augen\/\",\"url\":\"https:\/\/www.augenaerzte-zollikofen.ch\/augenarzt\/geroetete-augen\/\",\"name\":\"Ger\u00f6tete Augen - Augen\u00e4rzte Zollikofen\",\"isPartOf\":{\"@id\":\"https:\/\/www.augenaerzte-zollikofen.ch\/augenarzt\/#website\"},\"primaryImageOfPage\":{\"@id\":\"https:\/\/www.augenaerzte-zollikofen.ch\/augenarzt\/geroetete-augen\/#primaryimage\"},\"image\":{\"@id\":\"https:\/\/www.augenaerzte-zollikofen.ch\/augenarzt\/geroetete-augen\/#primaryimage\"},\"thumbnailUrl\":\"https:\/\/www.augenaerzte-zollikofen.ch\/augenarzt\/app\/uploads\/2022\/08\/geroetete-augen-augenaerzte-aarau-1.jpg\",\"datePublished\":\"2022-08-15T21:03:44+00:00\",\"dateModified\":\"2022-09-01T21:28:08+00:00\",\"breadcrumb\":{\"@id\":\"https:\/\/www.augenaerzte-zollikofen.ch\/augenarzt\/geroetete-augen\/#breadcrumb\"},\"inLanguage\":\"de-DE\",\"potentialAction\":[{\"@type\":\"ReadAction\",\"target\":[\"https:\/\/www.augenaerzte-zollikofen.ch\/augenarzt\/geroetete-augen\/\"]}]},{\"@type\":\"ImageObject\",\"inLanguage\":\"de-DE\",\"@id\":\"https:\/\/www.augenaerzte-zollikofen.ch\/augenarzt\/geroetete-augen\/#primaryimage\",\"url\":\"https:\/\/www.augenaerzte-zollikofen.ch\/augenarzt\/app\/uploads\/2022\/08\/geroetete-augen-augenaerzte-aarau-1.jpg\",\"contentUrl\":\"https:\/\/www.augenaerzte-zollikofen.ch\/augenarzt\/app\/uploads\/2022\/08\/geroetete-augen-augenaerzte-aarau-1.jpg\",\"width\":640,\"height\":376},{\"@type\":\"BreadcrumbList\",\"@id\":\"https:\/\/www.augenaerzte-zollikofen.ch\/augenarzt\/geroetete-augen\/#breadcrumb\",\"itemListElement\":[{\"@type\":\"ListItem\",\"position\":1,\"name\":\"Home\",\"item\":\"https:\/\/www.augenaerzte-zollikofen.ch\/augenarzt\/\"},{\"@type\":\"ListItem\",\"position\":2,\"name\":\"Ger\u00f6tete Augen\"}]},{\"@type\":\"WebSite\",\"@id\":\"https:\/\/www.augenaerzte-zollikofen.ch\/augenarzt\/#website\",\"url\":\"https:\/\/www.augenaerzte-zollikofen.ch\/augenarzt\/\",\"name\":\"Augen\u00e4rzte Zollikofen\",\"description\":\"\",\"publisher\":{\"@id\":\"https:\/\/www.augenaerzte-zollikofen.ch\/augenarzt\/#organization\"},\"potentialAction\":[{\"@type\":\"SearchAction\",\"target\":{\"@type\":\"EntryPoint\",\"urlTemplate\":\"https:\/\/www.augenaerzte-zollikofen.ch\/augenarzt\/?s={search_term_string}\"},\"query-input\":{\"@type\":\"PropertyValueSpecification\",\"valueRequired\":true,\"valueName\":\"search_term_string\"}}],\"inLanguage\":\"de-DE\"},{\"@type\":\"Organization\",\"@id\":\"https:\/\/www.augenaerzte-zollikofen.ch\/augenarzt\/#organization\",\"name\":\"Augenarzt Zollikofen\",\"url\":\"https:\/\/www.augenaerzte-zollikofen.ch\/augenarzt\/\",\"logo\":{\"@type\":\"ImageObject\",\"inLanguage\":\"de-DE\",\"@id\":\"https:\/\/www.augenaerzte-zollikofen.ch\/augenarzt\/#\/schema\/logo\/image\/\",\"url\":\"https:\/\/www.augenaerzte-zollikofen.ch\/augenarzt\/app\/uploads\/2022\/08\/Zollikofen-Ziegelei-pos_RGB.svg\",\"contentUrl\":\"https:\/\/www.augenaerzte-zollikofen.ch\/augenarzt\/app\/uploads\/2022\/08\/Zollikofen-Ziegelei-pos_RGB.svg\",\"caption\":\"Augenarzt Zollikofen\"},\"image\":{\"@id\":\"https:\/\/www.augenaerzte-zollikofen.ch\/augenarzt\/#\/schema\/logo\/image\/\"}}]}<\/script>\n<!-- \/ Yoast SEO plugin. -->","yoast_head_json":{"title":"Ger\u00f6tete Augen - Augen\u00e4rzte Zollikofen","robots":{"index":"index","follow":"follow","max-snippet":"max-snippet:-1","max-image-preview":"max-image-preview:large","max-video-preview":"max-video-preview:-1"},"canonical":"https:\/\/www.augenaerzte-zollikofen.ch\/augenarzt\/geroetete-augen\/","og_locale":"de_DE","og_type":"article","og_title":"Ger\u00f6tete Augen - Augen\u00e4rzte Zollikofen","og_url":"https:\/\/www.augenaerzte-zollikofen.ch\/augenarzt\/geroetete-augen\/","og_site_name":"Augen\u00e4rzte Zollikofen","article_modified_time":"2022-09-01T21:28:08+00:00","og_image":[{"width":640,"height":376,"url":"https:\/\/www.augenaerzte-zollikofen.ch\/augenarzt\/app\/uploads\/2022\/08\/geroetete-augen-augenaerzte-aarau-1.jpg","type":"image\/jpeg"}],"twitter_card":"summary_large_image","schema":{"@context":"https:\/\/schema.org","@graph":[{"@type":"WebPage","@id":"https:\/\/www.augenaerzte-zollikofen.ch\/augenarzt\/geroetete-augen\/","url":"https:\/\/www.augenaerzte-zollikofen.ch\/augenarzt\/geroetete-augen\/","name":"Ger\u00f6tete Augen - Augen\u00e4rzte Zollikofen","isPartOf":{"@id":"https:\/\/www.augenaerzte-zollikofen.ch\/augenarzt\/#website"},"primaryImageOfPage":{"@id":"https:\/\/www.augenaerzte-zollikofen.ch\/augenarzt\/geroetete-augen\/#primaryimage"},"image":{"@id":"https:\/\/www.augenaerzte-zollikofen.ch\/augenarzt\/geroetete-augen\/#primaryimage"},"thumbnailUrl":"https:\/\/www.augenaerzte-zollikofen.ch\/augenarzt\/app\/uploads\/2022\/08\/geroetete-augen-augenaerzte-aarau-1.jpg","datePublished":"2022-08-15T21:03:44+00:00","dateModified":"2022-09-01T21:28:08+00:00","breadcrumb":{"@id":"https:\/\/www.augenaerzte-zollikofen.ch\/augenarzt\/geroetete-augen\/#breadcrumb"},"inLanguage":"de-DE","potentialAction":[{"@type":"ReadAction","target":["https:\/\/www.augenaerzte-zollikofen.ch\/augenarzt\/geroetete-augen\/"]}]},{"@type":"ImageObject","inLanguage":"de-DE","@id":"https:\/\/www.augenaerzte-zollikofen.ch\/augenarzt\/geroetete-augen\/#primaryimage","url":"https:\/\/www.augenaerzte-zollikofen.ch\/augenarzt\/app\/uploads\/2022\/08\/geroetete-augen-augenaerzte-aarau-1.jpg","contentUrl":"https:\/\/www.augenaerzte-zollikofen.ch\/augenarzt\/app\/uploads\/2022\/08\/geroetete-augen-augenaerzte-aarau-1.jpg","width":640,"height":376},{"@type":"BreadcrumbList","@id":"https:\/\/www.augenaerzte-zollikofen.ch\/augenarzt\/geroetete-augen\/#breadcrumb","itemListElement":[{"@type":"ListItem","position":1,"name":"Home","item":"https:\/\/www.augenaerzte-zollikofen.ch\/augenarzt\/"},{"@type":"ListItem","position":2,"name":"Ger\u00f6tete Augen"}]},{"@type":"WebSite","@id":"https:\/\/www.augenaerzte-zollikofen.ch\/augenarzt\/#website","url":"https:\/\/www.augenaerzte-zollikofen.ch\/augenarzt\/","name":"Augen\u00e4rzte Zollikofen","description":"","publisher":{"@id":"https:\/\/www.augenaerzte-zollikofen.ch\/augenarzt\/#organization"},"potentialAction":[{"@type":"SearchAction","target":{"@type":"EntryPoint","urlTemplate":"https:\/\/www.augenaerzte-zollikofen.ch\/augenarzt\/?s={search_term_string}"},"query-input":{"@type":"PropertyValueSpecification","valueRequired":true,"valueName":"search_term_string"}}],"inLanguage":"de-DE"},{"@type":"Organization","@id":"https:\/\/www.augenaerzte-zollikofen.ch\/augenarzt\/#organization","name":"Augenarzt Zollikofen","url":"https:\/\/www.augenaerzte-zollikofen.ch\/augenarzt\/","logo":{"@type":"ImageObject","inLanguage":"de-DE","@id":"https:\/\/www.augenaerzte-zollikofen.ch\/augenarzt\/#\/schema\/logo\/image\/","url":"https:\/\/www.augenaerzte-zollikofen.ch\/augenarzt\/app\/uploads\/2022\/08\/Zollikofen-Ziegelei-pos_RGB.svg","contentUrl":"https:\/\/www.augenaerzte-zollikofen.ch\/augenarzt\/app\/uploads\/2022\/08\/Zollikofen-Ziegelei-pos_RGB.svg","caption":"Augenarzt Zollikofen"},"image":{"@id":"https:\/\/www.augenaerzte-zollikofen.ch\/augenarzt\/#\/schema\/logo\/image\/"}}]}},"_links":{"self":[{"href":"https:\/\/www.augenaerzte-zollikofen.ch\/augenarzt\/wp-json\/wp\/v2\/useful-information\/8044","targetHints":{"allow":["GET"]}}],"collection":[{"href":"https:\/\/www.augenaerzte-zollikofen.ch\/augenarzt\/wp-json\/wp\/v2\/useful-information"}],"about":[{"href":"https:\/\/www.augenaerzte-zollikofen.ch\/augenarzt\/wp-json\/wp\/v2\/types\/useful-information"}],"version-history":[{"count":4,"href":"https:\/\/www.augenaerzte-zollikofen.ch\/augenarzt\/wp-json\/wp\/v2\/useful-information\/8044\/revisions"}],"predecessor-version":[{"id":8049,"href":"https:\/\/www.augenaerzte-zollikofen.ch\/augenarzt\/wp-json\/wp\/v2\/useful-information\/8044\/revisions\/8049"}],"wp:featuredmedia":[{"embeddable":true,"href":"https:\/\/www.augenaerzte-zollikofen.ch\/augenarzt\/wp-json\/wp\/v2\/media\/6918"}],"wp:attachment":[{"href":"https:\/\/www.augenaerzte-zollikofen.ch\/augenarzt\/wp-json\/wp\/v2\/media?parent=8044"}],"wp:term":[{"taxonomy":"category_useful_information","embeddable":true,"href":"https:\/\/www.augenaerzte-zollikofen.ch\/augenarzt\/wp-json\/wp\/v2\/category_useful_information?post=8044"}],"curies":[{"name":"wp","href":"https:\/\/api.w.org\/{rel}","templated":true}]}}